{"id":52,"date":"2023-05-19T05:03:31","date_gmt":"2023-05-19T05:03:31","guid":{"rendered":"https:\/\/rnmcadvocacia.com\/?page_id=52"},"modified":"2025-11-20T18:43:02","modified_gmt":"2025-11-20T18:43:02","slug":"publicacoes","status":"publish","type":"page","link":"https:\/\/rnmcadvocacia.com\/en\/publicacoes\/","title":{"rendered":"Blog"},"content":{"rendered":"<div data-elementor-type=\"wp-page\" data-elementor-id=\"52\" class=\"elementor elementor-52\">\n\t\t\t\t\t\t<section class=\"elementor-section elementor-top-section elementor-element elementor-element-1534b78 elementor-section-boxed elementor-section-height-default elementor-section-height-default\" data-id=\"1534b78\" data-element_type=\"section\" data-e-type=\"section\" data-settings=\"{&quot;background_background&quot;:&quot;classic&quot;}\">\n\t\t\t\t\t\t<div class=\"elementor-container elementor-column-gap-default\">\n\t\t\t\t\t<div class=\"elementor-column elementor-col-100 elementor-top-column elementor-element elementor-element-0351a6a\" data-id=\"0351a6a\" data-element_type=\"column\" data-e-type=\"column\">\n\t\t\t<div class=\"elementor-widget-wrap elementor-element-populated\">\n\t\t\t\t\t\t<div class=\"elementor-element elementor-element-9c18b53 elementor-invisible elementor-widget elementor-widget-heading\" data-id=\"9c18b53\" data-element_type=\"widget\" data-e-type=\"widget\" data-settings=\"{&quot;_animation&quot;:&quot;zoomIn&quot;}\" data-widget_type=\"heading.default\">\n\t\t\t\t<div class=\"elementor-widget-container\">\n\t\t\t\t\t<h2 class=\"elementor-heading-title elementor-size-default\">Blog<\/h2>\t\t\t\t<\/div>\n\t\t\t\t<\/div>\n\t\t\t\t\t<\/div>\n\t\t<\/div>\n\t\t\t\t\t<\/div>\n\t\t<\/section>\n\t\t\t\t<section class=\"elementor-section elementor-top-section elementor-element elementor-element-8a84d79 elementor-section-boxed elementor-section-height-default elementor-section-height-default\" data-id=\"8a84d79\" data-element_type=\"section\" data-e-type=\"section\" data-settings=\"{&quot;background_background&quot;:&quot;classic&quot;}\">\n\t\t\t\t\t\t<div class=\"elementor-container elementor-column-gap-default\">\n\t\t\t\t\t<div class=\"elementor-column elementor-col-100 elementor-top-column elementor-element elementor-element-f3b7493\" data-id=\"f3b7493\" data-element_type=\"column\" data-e-type=\"column\">\n\t\t\t<div class=\"elementor-widget-wrap elementor-element-populated\">\n\t\t\t\t\t\t<div class=\"elementor-element elementor-element-221aa4b elementor-grid-3 elementor-grid-tablet-2 elementor-grid-mobile-1 elementor-posts--thumbnail-top elementor-posts--show-avatar elementor-card-shadow-yes elementor-posts__hover-gradient elementor-widget elementor-widget-posts\" data-id=\"221aa4b\" data-element_type=\"widget\" data-e-type=\"widget\" data-settings=\"{&quot;cards_masonry&quot;:&quot;yes&quot;,&quot;cards_row_gap&quot;:{&quot;unit&quot;:&quot;px&quot;,&quot;size&quot;:20,&quot;sizes&quot;:[]},&quot;cards_columns&quot;:&quot;3&quot;,&quot;cards_columns_tablet&quot;:&quot;2&quot;,&quot;cards_columns_mobile&quot;:&quot;1&quot;,&quot;cards_row_gap_tablet&quot;:{&quot;unit&quot;:&quot;px&quot;,&quot;size&quot;:&quot;&quot;,&quot;sizes&quot;:[]},&quot;cards_row_gap_mobile&quot;:{&quot;unit&quot;:&quot;px&quot;,&quot;size&quot;:&quot;&quot;,&quot;sizes&quot;:[]}}\" data-widget_type=\"posts.cards\">\n\t\t\t\t<div class=\"elementor-widget-container\">\n\t\t\t\t\t\t\t<div class=\"elementor-posts-container elementor-posts elementor-posts--skin-cards elementor-grid\">\n\t\t\t\t<article class=\"elementor-post elementor-grid-item post-1104 post type-post status-publish format-standard has-post-thumbnail hentry category-uncategorized\">\n\t\t\t<div class=\"elementor-post__card\">\n\t\t\t\t<a class=\"elementor-post__thumbnail__link\" href=\"https:\/\/rnmcadvocacia.com\/en\/autorizacao-de-residencia-cplp-sera-o-fim-da-manifestacao-de-interesse\/\" ><div class=\"elementor-post__thumbnail\"><img fetchpriority=\"high\" decoding=\"async\" width=\"768\" height=\"512\" src=\"https:\/\/rnmcadvocacia.com\/wp-content\/uploads\/2023\/10\/cplp-768x512.png\" class=\"attachment-medium_large size-medium_large wp-image-988490\" alt=\"\" srcset=\"https:\/\/rnmcadvocacia.com\/wp-content\/uploads\/2023\/10\/cplp-768x512.png 768w, https:\/\/rnmcadvocacia.com\/wp-content\/uploads\/2023\/10\/cplp-300x200.png 300w, https:\/\/rnmcadvocacia.com\/wp-content\/uploads\/2023\/10\/cplp-1024x683.png 1024w, https:\/\/rnmcadvocacia.com\/wp-content\/uploads\/2023\/10\/cplp-1320x880.png 1320w, https:\/\/rnmcadvocacia.com\/wp-content\/uploads\/2023\/10\/cplp.png 1536w\" sizes=\"(max-width: 768px) 100vw, 768px\" \/><\/div><\/a>\n\t\t\t\t<div class=\"elementor-post__avatar\">\n\t\t\t<img alt='Ana Carolina Nascimento' src='https:\/\/rnmcadvocacia.com\/wp-content\/uploads\/2023\/08\/53F53A62-20F0-4D05-ABF8-54EF8825ECA4-1-e1693577684439-150x150.jpeg' srcset='https:\/\/rnmcadvocacia.com\/wp-content\/uploads\/2023\/08\/53F53A62-20F0-4D05-ABF8-54EF8825ECA4-1-e1693577684439-150x150.jpeg 2x' class='avatar avatar-128 photo' height='128' width='128' \/>\t\t<\/div>\n\t\t\t\t<div class=\"elementor-post__text\">\n\t\t\t\t<h3 class=\"elementor-post__title\">\n\t\t\t<a href=\"https:\/\/rnmcadvocacia.com\/en\/autorizacao-de-residencia-cplp-sera-o-fim-da-manifestacao-de-interesse\/\" >\n\t\t\t\tAutoriza\u00e7\u00e3o de Resid\u00eancia CPLP: ser\u00e1 o fim da Manifesta\u00e7\u00e3o de Interesse?\t\t\t<\/a>\n\t\t<\/h3>\n\t\t\t\t<div class=\"elementor-post__excerpt\">\n\t\t\t<p>Desde a cria\u00e7\u00e3o da Autoriza\u00e7\u00e3o de Resid\u00eancia CPLP, muito se tem questionado se, com estas,<\/p>\n\t\t<\/div>\n\t\t\n\t\t<a class=\"elementor-post__read-more\" href=\"https:\/\/rnmcadvocacia.com\/en\/autorizacao-de-residencia-cplp-sera-o-fim-da-manifestacao-de-interesse\/\" >\n\t\t\tLer mais \u00bb\t\t<\/a>\n\n\t\t\t\t<\/div>\n\t\t\t\t\t<\/div>\n\t\t<\/article>\n\t\t\t\t<article class=\"elementor-post elementor-grid-item post-1101 post type-post status-publish format-standard has-post-thumbnail hentry category-uncategorized\">\n\t\t\t<div class=\"elementor-post__card\">\n\t\t\t\t<a class=\"elementor-post__thumbnail__link\" href=\"https:\/\/rnmcadvocacia.com\/en\/nacionalidade-portuguesa-requisitos-processos-e-dicas-uteis\/\" ><div class=\"elementor-post__thumbnail\"><img decoding=\"async\" width=\"768\" height=\"512\" src=\"https:\/\/rnmcadvocacia.com\/wp-content\/uploads\/2023\/10\/nacionalidade-768x512.png\" class=\"attachment-medium_large size-medium_large wp-image-988492\" alt=\"\" srcset=\"https:\/\/rnmcadvocacia.com\/wp-content\/uploads\/2023\/10\/nacionalidade-768x512.png 768w, https:\/\/rnmcadvocacia.com\/wp-content\/uploads\/2023\/10\/nacionalidade-300x200.png 300w, https:\/\/rnmcadvocacia.com\/wp-content\/uploads\/2023\/10\/nacionalidade-1024x683.png 1024w, https:\/\/rnmcadvocacia.com\/wp-content\/uploads\/2023\/10\/nacionalidade-1320x880.png 1320w, https:\/\/rnmcadvocacia.com\/wp-content\/uploads\/2023\/10\/nacionalidade.png 1536w\" sizes=\"(max-width: 768px) 100vw, 768px\" \/><\/div><\/a>\n\t\t\t\t<div class=\"elementor-post__avatar\">\n\t\t\t<img alt='Jessica Ramos' src='https:\/\/rnmcadvocacia.com\/wp-content\/uploads\/2023\/06\/adv-2a-150x150.jpg' srcset='https:\/\/rnmcadvocacia.com\/wp-content\/uploads\/2023\/06\/adv-2a-150x150.jpg 2x' class='avatar avatar-128 photo' height='128' width='128' \/>\t\t<\/div>\n\t\t\t\t<div class=\"elementor-post__text\">\n\t\t\t\t<h3 class=\"elementor-post__title\">\n\t\t\t<a href=\"https:\/\/rnmcadvocacia.com\/en\/nacionalidade-portuguesa-requisitos-processos-e-dicas-uteis\/\" >\n\t\t\t\tNacionalidade Portuguesa: Requisitos, Processos e Dicas \u00dateis\t\t\t<\/a>\n\t\t<\/h3>\n\t\t\t\t<div class=\"elementor-post__excerpt\">\n\t\t\t<p>Nos termos da Constitui\u00e7\u00e3o da Rep\u00fablica Portuguesa, t\u00eam a nacionalidade portuguesa todos cidad\u00e3os que como<\/p>\n\t\t<\/div>\n\t\t\n\t\t<a class=\"elementor-post__read-more\" href=\"https:\/\/rnmcadvocacia.com\/en\/nacionalidade-portuguesa-requisitos-processos-e-dicas-uteis\/\" >\n\t\t\tLer mais \u00bb\t\t<\/a>\n\n\t\t\t\t<\/div>\n\t\t\t\t\t<\/div>\n\t\t<\/article>\n\t\t\t\t<article class=\"elementor-post elementor-grid-item post-1078 post type-post status-publish format-standard has-post-thumbnail hentry category-uncategorized\">\n\t\t\t<div class=\"elementor-post__card\">\n\t\t\t\t<a class=\"elementor-post__thumbnail__link\" href=\"https:\/\/rnmcadvocacia.com\/en\/brasileiros-em-portugal-como-fica-a-aposentadoria\/\" ><div class=\"elementor-post__thumbnail\"><img decoding=\"async\" width=\"768\" height=\"512\" src=\"https:\/\/rnmcadvocacia.com\/wp-content\/uploads\/2023\/09\/aposentadoria-portugal-768x512.png\" class=\"attachment-medium_large size-medium_large wp-image-988494\" alt=\"\" srcset=\"https:\/\/rnmcadvocacia.com\/wp-content\/uploads\/2023\/09\/aposentadoria-portugal-768x512.png 768w, https:\/\/rnmcadvocacia.com\/wp-content\/uploads\/2023\/09\/aposentadoria-portugal-300x200.png 300w, https:\/\/rnmcadvocacia.com\/wp-content\/uploads\/2023\/09\/aposentadoria-portugal-1024x683.png 1024w, https:\/\/rnmcadvocacia.com\/wp-content\/uploads\/2023\/09\/aposentadoria-portugal-1320x880.png 1320w, https:\/\/rnmcadvocacia.com\/wp-content\/uploads\/2023\/09\/aposentadoria-portugal.png 1536w\" sizes=\"(max-width: 768px) 100vw, 768px\" \/><\/div><\/a>\n\t\t\t\t<div class=\"elementor-post__avatar\">\n\t\t\t<img alt='Juliana Mello' src='https:\/\/rnmcadvocacia.com\/wp-content\/uploads\/2023\/09\/Imagem-do-WhatsApp-de-2023-09-13-as-06.25.09-150x150.jpg' srcset='https:\/\/rnmcadvocacia.com\/wp-content\/uploads\/2023\/09\/Imagem-do-WhatsApp-de-2023-09-13-as-06.25.09-150x150.jpg 2x' class='avatar avatar-128 photo' height='128' width='128' \/>\t\t<\/div>\n\t\t\t\t<div class=\"elementor-post__text\">\n\t\t\t\t<h3 class=\"elementor-post__title\">\n\t\t\t<a href=\"https:\/\/rnmcadvocacia.com\/en\/brasileiros-em-portugal-como-fica-a-aposentadoria\/\" >\n\t\t\t\tBrasileiros em Portugal: como fica a aposentadoria?\t\t\t<\/a>\n\t\t<\/h3>\n\t\t\t\t<div class=\"elementor-post__excerpt\">\n\t\t\t<p>Atualmente muitos brasileiros, inseridos em v\u00e1rias faixas et\u00e1rias, mudam-se para Portugal com finalidades diversas. Muitos<\/p>\n\t\t<\/div>\n\t\t\n\t\t<a class=\"elementor-post__read-more\" href=\"https:\/\/rnmcadvocacia.com\/en\/brasileiros-em-portugal-como-fica-a-aposentadoria\/\" >\n\t\t\tLer mais \u00bb\t\t<\/a>\n\n\t\t\t\t<\/div>\n\t\t\t\t\t<\/div>\n\t\t<\/article>\n\t\t\t\t<article class=\"elementor-post elementor-grid-item post-1029 post type-post status-publish format-standard has-post-thumbnail hentry category-uncategorized\">\n\t\t\t<div class=\"elementor-post__card\">\n\t\t\t\t<a class=\"elementor-post__thumbnail__link\" href=\"https:\/\/rnmcadvocacia.com\/en\/apoio-extraordinario-ao-pagamento-da-renda\/\" ><div class=\"elementor-post__thumbnail\"><img loading=\"lazy\" decoding=\"async\" width=\"768\" height=\"512\" src=\"https:\/\/rnmcadvocacia.com\/wp-content\/uploads\/2023\/09\/apoio-extraordinario-renda-768x512.png\" class=\"attachment-medium_large size-medium_large wp-image-988496\" alt=\"\" srcset=\"https:\/\/rnmcadvocacia.com\/wp-content\/uploads\/2023\/09\/apoio-extraordinario-renda-768x512.png 768w, https:\/\/rnmcadvocacia.com\/wp-content\/uploads\/2023\/09\/apoio-extraordinario-renda-300x200.png 300w, https:\/\/rnmcadvocacia.com\/wp-content\/uploads\/2023\/09\/apoio-extraordinario-renda-1024x683.png 1024w, https:\/\/rnmcadvocacia.com\/wp-content\/uploads\/2023\/09\/apoio-extraordinario-renda-1320x880.png 1320w, https:\/\/rnmcadvocacia.com\/wp-content\/uploads\/2023\/09\/apoio-extraordinario-renda.png 1536w\" sizes=\"(max-width: 768px) 100vw, 768px\" \/><\/div><\/a>\n\t\t\t\t<div class=\"elementor-post__avatar\">\n\t\t\t<img alt='Anna Carolina Moraes de Castro' src='https:\/\/rnmcadvocacia.com\/wp-content\/uploads\/2023\/09\/39347451-d82f-4d36-8f9b-343e257515e9-e1693577045519-150x150.jpg' srcset='https:\/\/rnmcadvocacia.com\/wp-content\/uploads\/2023\/09\/39347451-d82f-4d36-8f9b-343e257515e9-e1693577045519-150x150.jpg 2x' class='avatar avatar-128 photo' height='128' width='128' \/>\t\t<\/div>\n\t\t\t\t<div class=\"elementor-post__text\">\n\t\t\t\t<h3 class=\"elementor-post__title\">\n\t\t\t<a href=\"https:\/\/rnmcadvocacia.com\/en\/apoio-extraordinario-ao-pagamento-da-renda\/\" >\n\t\t\t\tApoio Extraordin\u00e1rio ao Pagamento da Renda\t\t\t<\/a>\n\t\t<\/h3>\n\t\t\t\t<div class=\"elementor-post__excerpt\">\n\t\t\t<p>Apoio Extraordin\u00e1rio ao Pagamento da Renda O Apoio Extraordin\u00e1rio para o Pagamento de Renda \u00e9<\/p>\n\t\t<\/div>\n\t\t\n\t\t<a class=\"elementor-post__read-more\" href=\"https:\/\/rnmcadvocacia.com\/en\/apoio-extraordinario-ao-pagamento-da-renda\/\" >\n\t\t\tLer mais \u00bb\t\t<\/a>\n\n\t\t\t\t<\/div>\n\t\t\t\t\t<\/div>\n\t\t<\/article>\n\t\t\t\t<\/div>\n\n\n\t\t\n\t\t\t\t\t\t<\/div>\n\t\t\t\t<\/div>\n\t\t\t\t\t<\/div>\n\t\t<\/div>\n\t\t\t\t\t<\/div>\n\t\t<\/section>\n\t\t\t\t<\/div>","protected":false},"excerpt":{"rendered":"<p>Blog<\/p>","protected":false},"author":1,"featured_media":0,"parent":0,"menu_order":0,"comment_status":"closed","ping_status":"closed","template":"elementor_header_footer","meta":{"footnotes":""},"class_list":["post-52","page","type-page","status-publish","hentry"],"_links":{"self":[{"href":"https:\/\/rnmcadvocacia.com\/en\/wp-json\/wp\/v2\/pages\/52","targetHints":{"allow":["GET"]}}],"collection":[{"href":"https:\/\/rnmcadvocacia.com\/en\/wp-json\/wp\/v2\/pages"}],"about":[{"href":"https:\/\/rnmcadvocacia.com\/en\/wp-json\/wp\/v2\/types\/page"}],"author":[{"embeddable":true,"href":"https:\/\/rnmcadvocacia.com\/en\/wp-json\/wp\/v2\/users\/1"}],"replies":[{"embeddable":true,"href":"https:\/\/rnmcadvocacia.com\/en\/wp-json\/wp\/v2\/comments?post=52"}],"version-history":[{"count":43,"href":"https:\/\/rnmcadvocacia.com\/en\/wp-json\/wp\/v2\/pages\/52\/revisions"}],"predecessor-version":[{"id":988993,"href":"https:\/\/rnmcadvocacia.com\/en\/wp-json\/wp\/v2\/pages\/52\/revisions\/988993"}],"wp:attachment":[{"href":"https:\/\/rnmcadvocacia.com\/en\/wp-json\/wp\/v2\/media?parent=52"}],"curies":[{"name":"wp","href":"https:\/\/api.w.org\/{rel}","templated":true}]}}