{"id":932,"date":"2023-09-01T13:59:26","date_gmt":"2023-09-01T13:59:26","guid":{"rendered":"https:\/\/rnmcadvocacia.com\/?page_id=932"},"modified":"2023-09-01T14:22:49","modified_gmt":"2023-09-01T14:22:49","slug":"anna-carolina","status":"publish","type":"page","link":"https:\/\/rnmcadvocacia.com\/en\/anna-carolina\/","title":{"rendered":"Anna Carolina"},"content":{"rendered":"<div data-elementor-type=\"wp-page\" data-elementor-id=\"932\" class=\"elementor elementor-932\">\n\t\t\t\t\t\t<section class=\"elementor-section elementor-top-section elementor-element elementor-element-f3897f3 elementor-section-boxed elementor-section-height-default elementor-section-height-default\" data-id=\"f3897f3\" data-element_type=\"section\" data-e-type=\"section\" data-settings=\"{&quot;background_background&quot;:&quot;classic&quot;}\">\n\t\t\t\t\t\t<div class=\"elementor-container elementor-column-gap-default\">\n\t\t\t\t\t<div class=\"elementor-column elementor-col-100 elementor-top-column elementor-element elementor-element-b18db40\" data-id=\"b18db40\" data-element_type=\"column\" data-e-type=\"column\">\n\t\t\t<div class=\"elementor-widget-wrap elementor-element-populated\">\n\t\t\t\t\t\t<section class=\"elementor-section elementor-inner-section elementor-element elementor-element-743e846 elementor-section-boxed elementor-section-height-default elementor-section-height-default\" data-id=\"743e846\" data-element_type=\"section\" data-e-type=\"section\">\n\t\t\t\t\t\t<div class=\"elementor-container elementor-column-gap-default\">\n\t\t\t\t\t<div class=\"elementor-column elementor-col-50 elementor-inner-column elementor-element elementor-element-fda79a7\" data-id=\"fda79a7\" data-element_type=\"column\" data-e-type=\"column\">\n\t\t\t<div class=\"elementor-widget-wrap elementor-element-populated\">\n\t\t\t\t\t\t<div class=\"elementor-element elementor-element-fd2fb4e elementor-widget elementor-widget-image\" data-id=\"fd2fb4e\" data-element_type=\"widget\" data-e-type=\"widget\" data-widget_type=\"image.default\">\n\t\t\t\t<div class=\"elementor-widget-container\">\n\t\t\t\t\t\t\t\t\t\t\t\t\t\t\t<img fetchpriority=\"high\" decoding=\"async\" width=\"632\" height=\"610\" src=\"https:\/\/rnmcadvocacia.com\/wp-content\/uploads\/2023\/09\/39347451-d82f-4d36-8f9b-343e257515e9-e1693577045519.jpg\" class=\"attachment-large size-large wp-image-935\" alt=\"\" srcset=\"https:\/\/rnmcadvocacia.com\/wp-content\/uploads\/2023\/09\/39347451-d82f-4d36-8f9b-343e257515e9-e1693577045519.jpg 632w, https:\/\/rnmcadvocacia.com\/wp-content\/uploads\/2023\/09\/39347451-d82f-4d36-8f9b-343e257515e9-e1693577045519-300x290.jpg 300w\" sizes=\"(max-width: 632px) 100vw, 632px\" \/>\t\t\t\t\t\t\t\t\t\t\t\t\t\t\t<\/div>\n\t\t\t\t<\/div>\n\t\t\t\t<div class=\"elementor-element elementor-element-15b1062 elementor-widget elementor-widget-heading\" data-id=\"15b1062\" data-element_type=\"widget\" data-e-type=\"widget\" data-widget_type=\"heading.default\">\n\t\t\t\t<div class=\"elementor-widget-container\">\n\t\t\t\t\t<h3 class=\"elementor-heading-title elementor-size-default\">Anna Carolina Moraes de Castro<\/h3>\t\t\t\t<\/div>\n\t\t\t\t<\/div>\n\t\t\t\t<div class=\"elementor-element elementor-element-8befc2c elementor-widget elementor-widget-heading\" data-id=\"8befc2c\" data-element_type=\"widget\" data-e-type=\"widget\" data-widget_type=\"heading.default\">\n\t\t\t\t<div class=\"elementor-widget-container\">\n\t\t\t\t\t<h4 class=\"elementor-heading-title elementor-size-default\">CP 57040L<\/h4>\t\t\t\t<\/div>\n\t\t\t\t<\/div>\n\t\t\t\t\t<\/div>\n\t\t<\/div>\n\t\t\t\t<div class=\"elementor-column elementor-col-50 elementor-inner-column elementor-element elementor-element-24a0a77\" data-id=\"24a0a77\" data-element_type=\"column\" data-e-type=\"column\">\n\t\t\t<div class=\"elementor-widget-wrap elementor-element-populated\">\n\t\t\t\t\t\t<div class=\"elementor-element elementor-element-0eb9c94 elementor-widget elementor-widget-text-editor\" data-id=\"0eb9c94\" data-element_type=\"widget\" data-e-type=\"widget\" data-widget_type=\"text-editor.default\">\n\t\t\t\t<div class=\"elementor-widget-container\">\n\t\t\t\t\t\t\t\t\t<p><span style=\"font-weight: 400;\">Advogada no Brasil desde 2004 e em Portugal desde 2017.<\/span><\/p><p><span style=\"font-weight: 400;\">Licenciada em Direito pela Universidade do Grande Rio \u2013 UNIGRANRIO, Brasil.<\/span><\/p><p><span style=\"font-weight: 400;\">P\u00f3s-Graduada em Direito Civil e Processual Civil e Direito Imobili\u00e1rio pela Universidade C\u00e2ndido Mendes do Rio de Janeiro e P\u00f3s-Graduada em Ci\u00eancias Jur\u00eddicas pela Faculdade de Direito da Universidade Cat\u00f3lica Portuguesa &#8211; Escola de Lisboa.<\/span><\/p><p><span style=\"font-weight: 400;\">Exerce a advocacia de forma independente desde 2004, sendo fundadora do escrit\u00f3rio Ladeira e Castro Assessoria Jur\u00eddica, no ano de 2011, em Rio das Ostras, RJ, atualmente no mesmo local com a identidade de MCPM Advocacia, nova estrutura e equipe, onde atua no contencioso, maioritariamente nas \u00e1reas Trabalhista, Previdenci\u00e1ria, Consumidor, Fam\u00edlia e Sucess\u00f5es, estuando ainda como escrit\u00f3rio parceiro e base do escrit\u00f3rio de Portugal no Brasil.<\/span><\/p><p><span style=\"font-weight: 400;\">Exerce a advocacia em Portugal desde o ano de 2017, atuando como profissional independente, maioritariamente nas \u00e1reas de Direito dos Estrangeiros e Migra\u00e7\u00f5es (nacionalidade, vistos, autoriza\u00e7\u00f5es de resid\u00eancia, asilo\u2026), Direito da Fam\u00edlia e das Crian\u00e7as, Direito Imobili\u00e1rio e Direito Penal.<\/span><\/p>\t\t\t\t\t\t\t\t<\/div>\n\t\t\t\t<\/div>\n\t\t\t\t\t<\/div>\n\t\t<\/div>\n\t\t\t\t\t<\/div>\n\t\t<\/section>\n\t\t\t\t\t<\/div>\n\t\t<\/div>\n\t\t\t\t\t<\/div>\n\t\t<\/section>\n\t\t\t\t<\/div>","protected":false},"excerpt":{"rendered":"<p>Anna Carolina Moraes de Castro CP 57040L Advogada no Brasil desde 2004 e em Portugal desde 2017. Licenciada em Direito pela Universidade do Grande Rio \u2013 UNIGRANRIO, Brasil. P\u00f3s-Graduada em Direito Civil e Processual Civil e Direito Imobili\u00e1rio pela Universidade C\u00e2ndido Mendes do Rio de Janeiro e P\u00f3s-Graduada em Ci\u00eancias Jur\u00eddicas pela Faculdade de Direito [&hellip;]<\/p>","protected":false},"author":1,"featured_media":0,"parent":0,"menu_order":0,"comment_status":"closed","ping_status":"closed","template":"elementor_header_footer","meta":{"footnotes":""},"class_list":["post-932","page","type-page","status-publish","hentry"],"_links":{"self":[{"href":"https:\/\/rnmcadvocacia.com\/en\/wp-json\/wp\/v2\/pages\/932","targetHints":{"allow":["GET"]}}],"collection":[{"href":"https:\/\/rnmcadvocacia.com\/en\/wp-json\/wp\/v2\/pages"}],"about":[{"href":"https:\/\/rnmcadvocacia.com\/en\/wp-json\/wp\/v2\/types\/page"}],"author":[{"embeddable":true,"href":"https:\/\/rnmcadvocacia.com\/en\/wp-json\/wp\/v2\/users\/1"}],"replies":[{"embeddable":true,"href":"https:\/\/rnmcadvocacia.com\/en\/wp-json\/wp\/v2\/comments?post=932"}],"version-history":[{"count":16,"href":"https:\/\/rnmcadvocacia.com\/en\/wp-json\/wp\/v2\/pages\/932\/revisions"}],"predecessor-version":[{"id":961,"href":"https:\/\/rnmcadvocacia.com\/en\/wp-json\/wp\/v2\/pages\/932\/revisions\/961"}],"wp:attachment":[{"href":"https:\/\/rnmcadvocacia.com\/en\/wp-json\/wp\/v2\/media?parent=932"}],"curies":[{"name":"wp","href":"https:\/\/api.w.org\/{rel}","templated":true}]}}